{"id":546,"date":"2021-03-21T19:56:19","date_gmt":"2021-03-21T18:56:19","guid":{"rendered":"https:\/\/profikomglass.sk\/?page_id=546"},"modified":"2021-04-13T13:34:27","modified_gmt":"2021-04-13T11:34:27","slug":"fooldal","status":"publish","type":"page","link":"https:\/\/profikomglass.sk\/hu\/","title":{"rendered":"F\u0151oldal"},"content":{"rendered":"\n[et_pb_section fb_built=&#8221;1&#8243; make_equal=&#8221;on&#8221; use_custom_gutter=&#8221;on&#8221; gutter_width=&#8221;1&#8243; specialty=&#8221;on&#8221; parallax_method_2=&#8221;off&#8221; bg_img_2=&#8221;https:\/\/profikomglass.sk\/wp-content\/uploads\/2021\/02\/iStheader.jpg&#8221; background_size_2=&#8221;cover&#8221; background_position_2=&#8221;bottom_center&#8221; padding_top_bottom_link_1=&#8221;false&#8221; padding_left_right_link_1=&#8221;true&#8221; padding_top_1=&#8221;10%&#8221; padding_right_1=&#8221;6%&#8221; padding_bottom_1=&#8221;14%&#8221; padding_left_1=&#8221;6%&#8221; custom_css_main_2=&#8221;display: flex;&#8221; admin_label=&#8221;Header&#8221; _builder_version=&#8221;4.9.0&#8243; module_alignment=&#8221;center&#8221; inner_width=&#8221;100%&#8221; inner_max_width=&#8221;1920px&#8221; custom_margin=&#8221;||124px||false|false&#8221; custom_margin_tablet=&#8221;||0px||false|false&#8221; custom_margin_phone=&#8221;&#8221; custom_margin_last_edited=&#8221;on|tablet&#8221; custom_padding=&#8221;0px||0px||true|&#8221;][et_pb_column type=&#8221;1_2&#8243; admin_label=&#8221;Column&#8221; _builder_version=&#8221;3.25&#8243; custom_padding=&#8221;|||&#8221; custom_padding__hover=&#8221;|||&#8221;][et_pb_image src=&#8221;https:\/\/profikomglass.sk\/wp-content\/uploads\/2021\/02\/renovation-52.png&#8221; title_text=&#8221;renovation-52&#8243; align=&#8221;center&#8221; _builder_version=&#8221;4.9.2&#8243; width_tablet=&#8221;15%&#8221; width_phone=&#8221;20%&#8221; width_last_edited=&#8221;on|tablet&#8221; custom_margin=&#8221;3px||30px||false|false&#8221; custom_margin_tablet=&#8221;&#8221; custom_margin_phone=&#8221;-5px||||false|false&#8221; custom_margin_last_edited=&#8221;on|tablet&#8221;][\/et_pb_image][et_pb_text _builder_version=&#8221;4.9.2&#8243; text_font_size=&#8221;16px&#8221; text_line_height=&#8221;2em&#8221; header_font=&#8221;Kanit|600|||||||&#8221; header_text_color=&#8221;#000000&#8243; header_font_size=&#8221;50px&#8221; header_3_font=&#8221;Kanit|||on|||||&#8221; header_3_text_color=&#8221;#ffd000&#8243; header_3_font_size=&#8221;20px&#8221; header_3_letter_spacing=&#8221;3px&#8221; text_orientation=&#8221;center&#8221; custom_margin=&#8221;||29px||false|false&#8221; text_font_size_tablet=&#8221;15px&#8221; text_font_size_phone=&#8221;14px&#8221; text_font_size_last_edited=&#8221;on|phone&#8221; header_font_size_tablet=&#8221;40px&#8221; header_font_size_phone=&#8221;35px&#8221; header_font_size_last_edited=&#8221;on|tablet&#8221;]<h1>Min\u0151s\u00e9gi munka, bar\u00e1ts\u00e1gos \u00e1ron<\/h1>\r\n<p class=\"western\" style=\"text-align: center;\" align=\"left\">Tiszt\u00e1ban vagyunk azzal, hogy neh\u00e9z olyan munkaer\u0151t tal\u00e1lni, aki nem csup\u00e1n min\u0151s\u00e9gi munk\u00e1t v\u00e9gez, de mindazt id\u0151ben elv\u00e9gzi a k\u00e9rt elv\u00e1r\u00e1sok szerint.<\/p>\r\n<p class=\"western\" style=\"text-align: center;\" align=\"left\">Ne keressen tov\u00e1bb, mert j\u00f3 helyen j\u00e1r.<\/p>[\/et_pb_text][et_pb_image src=&#8221;https:\/\/profikomglass.sk\/wp-content\/uploads\/2021\/02\/renovation-42.png&#8221; title_text=&#8221;rolety-1&#8243; _builder_version=&#8221;4.9.0&#8243; background_image=&#8221;https:\/\/profikomglass.sk\/wp-content\/uploads\/2021\/02\/rolety-1.jpg&#8221; background_position=&#8221;bottom_center&#8221; positioning=&#8221;absolute&#8221; position_origin_a=&#8221;bottom_right&#8221; vertical_offset=&#8221;-80px&#8221; horizontal_offset=&#8221;10px&#8221; position_origin_a_tablet=&#8221;&#8221; position_origin_a_phone=&#8221;&#8221; position_origin_a_last_edited=&#8221;on|tablet&#8221; position_origin_f_tablet=&#8221;&#8221; position_origin_f_phone=&#8221;&#8221; position_origin_f_last_edited=&#8221;on|tablet&#8221; position_origin_r_tablet=&#8221;&#8221; position_origin_r_phone=&#8221;&#8221; position_origin_r_last_edited=&#8221;on|tablet&#8221; width=&#8221;40%&#8221; max_width=&#8221;300px&#8221; positioning_tablet=&#8221;none&#8221; positioning_phone=&#8221;&#8221; positioning_last_edited=&#8221;on|tablet&#8221; module_alignment_tablet=&#8221;center&#8221; module_alignment_phone=&#8221;&#8221; module_alignment_last_edited=&#8221;on|phone&#8221;][\/et_pb_image][\/et_pb_column][et_pb_column type=&#8221;1_2&#8243; specialty_columns=&#8221;2&#8243; _builder_version=&#8221;3.25&#8243; custom_padding=&#8221;|||&#8221; custom_padding__hover=&#8221;|||&#8221;][et_pb_row_inner column_structure=&#8221;1_2,1_2&#8243; make_equal=&#8221;on&#8221; disabled_on=&#8221;on|on|off&#8221; _builder_version=&#8221;4.9.2&#8243; positioning=&#8221;none&#8221; width=&#8221;100%&#8221; custom_margin=&#8221;||||false|false&#8221; custom_padding=&#8221;||0px||false|false&#8221;][et_pb_column_inner type=&#8221;1_2&#8243; saved_specialty_column_type=&#8221;1_2&#8243; _builder_version=&#8221;4.4.8&#8243; background_enable_image=&#8221;off&#8221; background_size=&#8221;contain&#8221; background_position=&#8221;bottom_center&#8221;][et_pb_image src=&#8221;https:\/\/profikomglass.sk\/wp-content\/uploads\/2021\/02\/renovation-49-1.png&#8221; title_text=&#8221;renovation-49&#8243; _builder_version=&#8221;4.9.0&#8243; positioning=&#8221;absolute&#8221; position_origin_a=&#8221;bottom_right&#8221; position_origin_a_tablet=&#8221;&#8221; position_origin_a_phone=&#8221;&#8221; position_origin_a_last_edited=&#8221;on|phone&#8221; position_origin_f_tablet=&#8221;&#8221; position_origin_f_phone=&#8221;&#8221; position_origin_f_last_edited=&#8221;on|phone&#8221; position_origin_r_tablet=&#8221;&#8221; position_origin_r_phone=&#8221;&#8221; position_origin_r_last_edited=&#8221;on|phone&#8221; custom_margin=&#8221;|-30%|||false|false&#8221; custom_margin_tablet=&#8221;&#8221; custom_margin_phone=&#8221;|0%|||false|false&#8221; custom_margin_last_edited=&#8221;on|phone&#8221; scroll_horizontal_motion_enable=&#8221;on&#8221; scroll_horizontal_motion=&#8221;0|50|50|100|0|0|7&#8243; motion_trigger_start=&#8221;bottom&#8221; positioning_tablet=&#8221;&#8221; positioning_phone=&#8221;&#8221; positioning_last_edited=&#8221;on|phone&#8221;][\/et_pb_image][et_pb_blurb image=&#8221;https:\/\/profikomglass.sk\/wp-content\/uploads\/2021\/02\/renovation-icon-10.png&#8221; _builder_version=&#8221;4.9.1&#8243; body_font=&#8221;|700|||||||&#8221; body_text_color=&#8221;#000000&#8243; body_line_height=&#8221;2em&#8221; positioning=&#8221;absolute&#8221; position_origin_a=&#8221;bottom_left&#8221; position_origin_a_tablet=&#8221;&#8221; position_origin_a_phone=&#8221;&#8221; position_origin_a_last_edited=&#8221;on|phone&#8221; position_origin_f_tablet=&#8221;&#8221; position_origin_f_phone=&#8221;&#8221; position_origin_f_last_edited=&#8221;on|phone&#8221; position_origin_r_tablet=&#8221;&#8221; position_origin_r_phone=&#8221;&#8221; position_origin_r_last_edited=&#8221;on|phone&#8221; text_orientation=&#8221;center&#8221; custom_margin=&#8221;|-30%|||false|false&#8221; custom_margin_tablet=&#8221;&#8221; custom_margin_phone=&#8221;|0%|||false|false&#8221; custom_margin_last_edited=&#8221;on|phone&#8221; custom_padding=&#8221;|16%|40%|16%|false|true&#8221; scroll_horizontal_motion_enable=&#8221;on&#8221; scroll_horizontal_motion=&#8221;0|50|50|100|0|0|7&#8243; motion_trigger_start=&#8221;bottom&#8221; positioning_tablet=&#8221;&#8221; positioning_phone=&#8221;relative&#8221; positioning_last_edited=&#8221;on|phone&#8221; locked=&#8221;off&#8221;]<p class=\"western\" align=\"left\">Egy lak\u00e1sfel\u00faj\u00edt\u00e1s teljes egy\u00fcttm\u0171k\u00f6d\u00e9st ig\u00e9nyel a k\u00fcl\u00f6mb\u00f6z\u0151 munk\u00e1t elv\u00e9gz\u0151 csapatok k\u00f6zt. Mi kell\u0151 flexibilit\u00e1ssal \u00e1llunk rendelkez\u00e9s\u00e9re, hogy a munk\u00e1ra kalandk\u00e9nt tekintsen fejf\u00e1j\u00e1s helyett.<\/p>[\/et_pb_blurb][et_pb_button button_url=&#8221;#kontakt&#8221; button_text=&#8221;L\u00e9pjen vel\u00fcnk kapcsolatba!&#8221; button_alignment=&#8221;right&#8221; _builder_version=&#8221;4.9.0&#8243; custom_button=&#8221;on&#8221; button_text_size=&#8221;14px&#8221; button_text_color=&#8221;#ffffff&#8221; button_bg_color=&#8221;#000000&#8243; button_border_width=&#8221;0px&#8221; button_border_radius=&#8221;0px&#8221; button_letter_spacing=&#8221;1px&#8221; button_font=&#8221;|700||on|||||&#8221; button_icon=&#8221;%%3%%&#8221; positioning=&#8221;absolute&#8221; position_origin_a=&#8221;bottom_left&#8221; custom_margin=&#8221;||||false|false&#8221; custom_padding=&#8221;15px|40px|15px|40px|true|true&#8221; box_shadow_style=&#8221;preset4&#8243; box_shadow_horizontal=&#8221;0px&#8221; box_shadow_vertical=&#8221;0px&#8221; box_shadow_spread=&#8221;10px&#8221; box_shadow_color=&#8221;#ffffff&#8221; box_shadow_spread_tablet=&#8221;&#8221; box_shadow_spread_phone=&#8221;0px&#8221; box_shadow_spread_last_edited=&#8221;on|phone&#8221; locked=&#8221;off&#8221; button_bg_color__hover_enabled=&#8221;on|hover&#8221; button_bg_color__hover=&#8221;#FFD000&#8243; button_bg_enable_color__hover=&#8221;on&#8221;][\/et_pb_button][\/et_pb_column_inner][et_pb_column_inner type=&#8221;1_2&#8243; saved_specialty_column_type=&#8221;1_2&#8243; _builder_version=&#8221;4.4.8&#8243;][\/et_pb_column_inner][\/et_pb_row_inner][\/et_pb_column][\/et_pb_section][et_pb_section fb_built=&#8221;1&#8243; next_background_color=&#8221;#ffffff&#8221; admin_label=&#8221;Header&#8221; module_id=&#8221;sluzby&#8221; _builder_version=&#8221;4.9.0&#8243; use_background_color_gradient=&#8221;on&#8221; background_color_gradient_start=&#8221;rgba(0,0,0,0.5)&#8221; background_color_gradient_end=&#8221;rgba(0,0,0,0.5)&#8221; background_color_gradient_overlays_image=&#8221;on&#8221; background_image=&#8221;https:\/\/profikomglass.sk\/wp-content\/uploads\/2021\/02\/bigstock-165013400.jpg&#8221; background_position=&#8221;top_center&#8221; custom_padding=&#8221;8vw||||false|false&#8221; top_divider_style=&#8221;slant&#8221; top_divider_color=&#8221;#FFFFFF&#8221; top_divider_height=&#8221;70px&#8221; top_divider_flip=&#8221;horizontal&#8221; top_divider_height_tablet=&#8221;30px&#8221; top_divider_height_phone=&#8221;15px&#8221; top_divider_height_last_edited=&#8221;on|tablet&#8221; bottom_divider_style=&#8221;slant&#8221; bottom_divider_height=&#8221;70px&#8221; bottom_divider_height_tablet=&#8221;30px&#8221; bottom_divider_height_phone=&#8221;15px&#8221; bottom_divider_height_last_edited=&#8221;on|desktop&#8221;][et_pb_row _builder_version=&#8221;4.4.8&#8243; custom_margin=&#8221;5vw||||false|false&#8221;][et_pb_column type=&#8221;4_4&#8243; _builder_version=&#8221;4.4.8&#8243;][et_pb_image src=&#8221;https:\/\/profikomglass.sk\/wp-content\/uploads\/2021\/03\/header_text_szolgaltatasok.png&#8221; title_text=&#8221;header_text_sluzby_2&#8243; show_bottom_space=&#8221;off&#8221; _builder_version=&#8221;4.9.0&#8243; custom_padding=&#8221;||||false|false&#8221; scroll_horizontal_motion_enable=&#8221;on&#8221; scroll_horizontal_motion=&#8221;0|50|50|100|3|0|-3&#8243;][\/et_pb_image][\/et_pb_column][\/et_pb_row][\/et_pb_section][et_pb_section fb_built=&#8221;1&#8243; admin_label=&#8221;Cetegories&#8221; _builder_version=&#8221;4.9.2&#8243; use_background_color_gradient=&#8221;on&#8221; background_color_gradient_start=&#8221;#ffffff&#8221; background_color_gradient_end=&#8221;#ffd000&#8243; background_color_gradient_direction=&#8221;176deg&#8221; background_color_gradient_start_position=&#8221;80%&#8221; background_color_gradient_end_position=&#8221;80%&#8221; width_last_edited=&#8221;off|phone&#8221; custom_padding=&#8221;0px||75px|||&#8221;][et_pb_row _builder_version=&#8221;4.4.8&#8243; locked=&#8221;off&#8221;][et_pb_column type=&#8221;4_4&#8243; _builder_version=&#8221;4.4.8&#8243;][et_pb_image src=&#8221;https:\/\/profikomglass.sk\/wp-content\/uploads\/2021\/02\/renovation-19.png&#8221; title_text=&#8221;renovation-19&#8243; admin_label=&#8221;Image&#8221; _builder_version=&#8221;4.9.2&#8243; positioning=&#8221;absolute&#8221; position_origin_a=&#8221;bottom_right&#8221; vertical_offset=&#8221;-40px&#8221; horizontal_offset=&#8221;-40px&#8221; width_tablet=&#8221;20%&#8221; width_phone=&#8221;35%&#8221; width_last_edited=&#8221;on|tablet&#8221; custom_margin=&#8221;||0px||false|false&#8221; scroll_rotating_enable=&#8221;on&#8221; scroll_rotating=&#8221;0|50|50|100|45\u00b0|0|-45\u00b0&#8221; custom_css_main_element=&#8221;z-index: 999999;&#8221; locked=&#8221;off&#8221;][\/et_pb_image][\/et_pb_column][\/et_pb_row][et_pb_row column_structure=&#8221;1_3,1_3,1_3&#8243; make_equal=&#8221;on&#8221; custom_padding_last_edited=&#8221;on|tablet&#8221; _builder_version=&#8221;4.9.2&#8243; width=&#8221;90%&#8221; width_tablet=&#8221;&#8221; width_phone=&#8221;&#8221; width_last_edited=&#8221;on|desktop&#8221; max_width=&#8221;90%&#8221; max_width_tablet=&#8221;90%&#8221; max_width_phone=&#8221;80%&#8221; max_width_last_edited=&#8221;on|tablet&#8221; custom_padding=&#8221;0px|||||&#8221; custom_padding_tablet=&#8221;||8px||false|false&#8221; custom_padding_phone=&#8221;||8px||false|false&#8221;][et_pb_column type=&#8221;1_3&#8243; _builder_version=&#8221;4.4.8&#8243;][et_pb_text _builder_version=&#8221;4.9.2&#8243; text_line_height=&#8221;1.8em&#8221; header_2_font=&#8221;Kanit|700|||||||&#8221; header_2_text_color=&#8221;#000000&#8243; header_2_font_size=&#8221;33px&#8221; header_2_line_height=&#8221;1.2em&#8221; custom_margin=&#8221;|||0.6%|false|false&#8221; custom_margin_tablet=&#8221;|||0px|false|false&#8221; custom_margin_phone=&#8221;&#8221; custom_margin_last_edited=&#8221;on|phone&#8221; header_2_font_size_tablet=&#8221;32px&#8221; header_2_font_size_phone=&#8221;22px&#8221; header_2_font_size_last_edited=&#8221;on|phone&#8221; custom_css_main_element=&#8221;z-index: 999;&#8221;]<h2>Minden egyes szolg\u00e1ltat\u00e1sunk az otthona k\u00e9nyelm\u00e9t, annak sz\u00e9ps\u00e9g\u00e9t szolg\u00e1lja.<\/h2>\r\n<p>&nbsp;<\/p>\r\n<p>Szolg\u00e1ltat\u00e1saink sokr\u00e9t\u0171s\u00e9ge biztos\u00edt\u00e9k arra, hogy van megold\u00e1sunk az \u00d6n sz\u00e1m\u00e1ra, legyen sz\u00f3 szerel\u00e9sr\u0151l, fel\u00faj\u00edt\u00e1sr\u00f3l, vagy teljesen \u00faj \u00f6tletek kiveitelez\u00e9s\u00e9r\u0151l.<\/p>\r\n<p>Munk\u00e1nkat maxim\u00e1lis precizit\u00e1ssal v\u00e9gezz\u00fck, \u00e9s \u00fcgyfeleink rendelkez\u00e9s\u00e9re \u00e1llunk nem csup\u00e1n a munka elv\u00e9gz\u00e9se sor\u00e1n, hanem az ut\u00e1n is. Mindennaposan t\u00f6reksz\u00fcnk szolg\u00e1ltat\u00e1saink fejleszt\u00e9s\u00e9re, \u00fcgyfeleink teljes megel\u00e9ged\u00e9s\u00e9re.<\/p>\r\n<p>&nbsp;<\/p>[\/et_pb_text][\/et_pb_column][et_pb_column type=&#8221;1_3&#8243; _builder_version=&#8221;4.9.0&#8243; background_enable_color=&#8221;off&#8221; background_image=&#8221;https:\/\/profikomglass.sk\/wp-content\/uploads\/2021\/02\/unnamed-1.jpg&#8221; background_position=&#8221;top_left&#8221; custom_padding=&#8221;40px|40px|28%|40px|false|true&#8221; custom_padding_tablet=&#8221;|30px||30px|false|true&#8221; custom_padding_phone=&#8221;|20px||20px|false|true&#8221; custom_padding_last_edited=&#8221;on|phone&#8221; filter_saturate=&#8221;0%&#8221; filter_saturate__hover_enabled=&#8221;on|hover&#8221; filter_saturate__hover=&#8221;100%&#8221;][et_pb_text _builder_version=&#8221;4.9.0&#8243; header_3_font=&#8221;Kanit|600|||||||&#8221; header_3_text_color=&#8221;#FFFFFF&#8221; header_3_font_size=&#8221;28px&#8221; header_3_line_height=&#8221;1.3em&#8221; header_3_font_size_tablet=&#8221;&#8221; header_3_font_size_phone=&#8221;20px&#8221; header_3_font_size_last_edited=&#8221;on|phone&#8221; header_3_text_shadow_style=&#8221;preset2&#8243; header_3_text_shadow_vertical_length=&#8221;0.1em&#8221; header_3_text_shadow_blur_strength=&#8221;0.1em&#8221; header_3_text_shadow_color=&#8221;#000000&#8243; header_2_3_font_size_phone=&#8221;20px&#8221; header_3_3_font_size_phone=&#8221;20px&#8221; header_4_3_font_size_phone=&#8221;20px&#8221; header_5_3_font_size_phone=&#8221;20px&#8221; header_6_3_font_size_phone=&#8221;20px&#8221; header_2_3_font_size_last_edited=&#8221;on|phone&#8221; header_3_3_font_size_last_edited=&#8221;on|phone&#8221; header_4_3_font_size_last_edited=&#8221;on|phone&#8221; header_5_3_font_size_last_edited=&#8221;on|phone&#8221; header_6_3_font_size_last_edited=&#8221;on|phone&#8221;]<h3>Ablakok, ajt\u00f3k \u00e9s gar\u00e1zsajt\u00f3k beszerel\u00e9se, szerv\u00edzel\u00e9se<\/h3>[\/et_pb_text][\/et_pb_column][et_pb_column type=&#8221;1_3&#8243; _builder_version=&#8221;4.9.0&#8243; background_enable_color=&#8221;off&#8221; background_image=&#8221;https:\/\/profikomglass.sk\/wp-content\/uploads\/2021\/02\/artosi_s.jpg&#8221; background_position=&#8221;bottom_right&#8221; custom_padding=&#8221;40px|40px|28%|40px|false|true&#8221; custom_padding_tablet=&#8221;|30px||30px|false|true&#8221; custom_padding_phone=&#8221;|20px||20px|false|true&#8221; custom_padding_last_edited=&#8221;on|phone&#8221; filter_saturate=&#8221;0%&#8221; filter_saturate__hover_enabled=&#8221;on|hover&#8221; filter_saturate__hover=&#8221;100%&#8221;][et_pb_text _builder_version=&#8221;4.9.0&#8243; header_3_font=&#8221;Kanit|600|||||||&#8221; header_3_font_size=&#8221;28px&#8221; header_3_line_height=&#8221;1.3em&#8221; background_layout=&#8221;dark&#8221; header_3_font_size_tablet=&#8221;&#8221; header_3_font_size_phone=&#8221;20px&#8221; header_3_font_size_last_edited=&#8221;on|phone&#8221; background_layout_last_edited=&#8221;off|desktop&#8221; header_3_text_shadow_style=&#8221;preset2&#8243; header_3_text_shadow_vertical_length=&#8221;0.1em&#8221; header_3_text_shadow_blur_strength=&#8221;0.1em&#8221; header_3_text_shadow_color=&#8221;#000000&#8243; locked=&#8221;off&#8221; header_2_3_font_size_phone=&#8221;20px&#8221; header_3_3_font_size_phone=&#8221;20px&#8221; header_4_3_font_size_phone=&#8221;20px&#8221; header_5_3_font_size_phone=&#8221;20px&#8221; header_6_3_font_size_phone=&#8221;20px&#8221; header_2_3_font_size_last_edited=&#8221;on|phone&#8221; header_3_3_font_size_last_edited=&#8221;on|phone&#8221; header_4_3_font_size_last_edited=&#8221;on|phone&#8221; header_5_3_font_size_last_edited=&#8221;on|phone&#8221; header_6_3_font_size_last_edited=&#8221;on|phone&#8221;]<h3>Teljes \u00e9ves vagy szezon\u00e1lis t\u00e9likertek, pergol\u00e1k<\/h3>[\/et_pb_text][\/et_pb_column][\/et_pb_row][et_pb_row column_structure=&#8221;1_3,1_3,1_3&#8243; make_equal=&#8221;on&#8221; _builder_version=&#8221;4.9.2&#8243; width=&#8221;90%&#8221; width_tablet=&#8221;&#8221; width_phone=&#8221;80%&#8221; width_last_edited=&#8221;on|phone&#8221; max_width=&#8221;90%&#8221; custom_margin=&#8221;24px|auto||auto||&#8221; custom_padding=&#8221;0px|||||&#8221;][et_pb_column type=&#8221;1_3&#8243; _builder_version=&#8221;4.9.0&#8243; background_enable_color=&#8221;off&#8221; background_image=&#8221;https:\/\/profikomglass.sk\/wp-content\/uploads\/2021\/02\/unnamed.jpg&#8221; custom_padding=&#8221;40px|40px|28%|40px|false|true&#8221; custom_padding_tablet=&#8221;|30px||30px|false|true&#8221; custom_padding_phone=&#8221;|20px||20px|false|true&#8221; custom_padding_last_edited=&#8221;on|phone&#8221; filter_saturate=&#8221;0%&#8221; filter_saturate__hover_enabled=&#8221;on|hover&#8221; filter_saturate__hover=&#8221;99%&#8221;][et_pb_text _builder_version=&#8221;4.9.0&#8243; header_3_font=&#8221;Kanit|600|||||||&#8221; header_3_text_color=&#8221;#FFFFFF&#8221; header_3_font_size=&#8221;28px&#8221; header_3_line_height=&#8221;1.3em&#8221; header_3_font_size_tablet=&#8221;&#8221; header_3_font_size_phone=&#8221;20px&#8221; header_3_font_size_last_edited=&#8221;on|phone&#8221; header_3_text_shadow_style=&#8221;preset2&#8243; header_3_text_shadow_vertical_length=&#8221;0.1em&#8221; header_3_text_shadow_blur_strength=&#8221;0.1em&#8221; header_3_text_shadow_color=&#8221;#000000&#8243; header_2_3_font_size_phone=&#8221;20px&#8221; header_3_3_font_size_phone=&#8221;20px&#8221; header_4_3_font_size_phone=&#8221;20px&#8221; header_5_3_font_size_phone=&#8221;20px&#8221; header_6_3_font_size_phone=&#8221;20px&#8221; header_2_3_font_size_last_edited=&#8221;on|phone&#8221; header_3_3_font_size_last_edited=&#8221;on|phone&#8221; header_4_3_font_size_last_edited=&#8221;on|phone&#8221; header_5_3_font_size_last_edited=&#8221;on|phone&#8221; header_6_3_font_size_last_edited=&#8221;on|phone&#8221;]<h3>Erk\u00e9lyek, teraszok \u00e9s loggi\u00e1k \u00fcvegez\u00e9se<\/h3>[\/et_pb_text][\/et_pb_column][et_pb_column type=&#8221;1_3&#8243; _builder_version=&#8221;4.9.0&#8243; background_enable_color=&#8221;off&#8221; background_image=&#8221;https:\/\/profikomglass.sk\/wp-content\/uploads\/2021\/02\/posuvne.jpg&#8221; custom_padding=&#8221;40px|40px|28%|40px|false|true&#8221; custom_padding_tablet=&#8221;|30px||30px|false|true&#8221; custom_padding_phone=&#8221;|20px||20px|false|true&#8221; custom_padding_last_edited=&#8221;on|phone&#8221; filter_saturate=&#8221;0%&#8221; filter_saturate__hover_enabled=&#8221;on|hover&#8221; filter_saturate__hover=&#8221;100%&#8221;][et_pb_text _builder_version=&#8221;4.9.0&#8243; header_3_font=&#8221;Kanit|600|||||||&#8221; header_3_text_color=&#8221;#FFFFFF&#8221; header_3_font_size=&#8221;28px&#8221; header_3_line_height=&#8221;1.3em&#8221; header_3_font_size_tablet=&#8221;&#8221; header_3_font_size_phone=&#8221;20px&#8221; header_3_font_size_last_edited=&#8221;on|phone&#8221; header_3_text_shadow_style=&#8221;preset2&#8243; header_3_text_shadow_vertical_length=&#8221;0.1em&#8221; header_3_text_shadow_blur_strength=&#8221;0.1em&#8221; header_3_text_shadow_color=&#8221;#000000&#8243; header_2_3_font_size_phone=&#8221;20px&#8221; header_3_3_font_size_phone=&#8221;20px&#8221; header_4_3_font_size_phone=&#8221;20px&#8221; header_5_3_font_size_phone=&#8221;20px&#8221; header_6_3_font_size_phone=&#8221;20px&#8221; header_2_3_font_size_last_edited=&#8221;on|phone&#8221; header_3_3_font_size_last_edited=&#8221;on|phone&#8221; header_4_3_font_size_last_edited=&#8221;on|phone&#8221; header_5_3_font_size_last_edited=&#8221;on|phone&#8221; header_6_3_font_size_last_edited=&#8221;on|phone&#8221;]<h3>Cs\u00fasz\u00f3 v\u00e1laszfalak a bels\u0151 t\u00e9rben<\/h3>[\/et_pb_text][\/et_pb_column][et_pb_column type=&#8221;1_3&#8243; _builder_version=&#8221;4.9.0&#8243; background_enable_color=&#8221;off&#8221; background_image=&#8221;https:\/\/profikomglass.sk\/wp-content\/uploads\/2021\/02\/tieniaca.jpeg&#8221; custom_padding=&#8221;40px|40px|28%|40px|false|true&#8221; custom_padding_tablet=&#8221;|30px||30px|false|true&#8221; custom_padding_phone=&#8221;|20px||20px|false|true&#8221; custom_padding_last_edited=&#8221;on|phone&#8221; filter_saturate=&#8221;0%&#8221; filter_saturate__hover_enabled=&#8221;on|hover&#8221; filter_saturate__hover=&#8221;100%&#8221;][et_pb_text _builder_version=&#8221;4.9.0&#8243; header_3_font=&#8221;Kanit|600|||||||&#8221; header_3_font_size=&#8221;28px&#8221; header_3_line_height=&#8221;1.3em&#8221; background_layout=&#8221;dark&#8221; header_3_font_size_tablet=&#8221;&#8221; header_3_font_size_phone=&#8221;20px&#8221; header_3_font_size_last_edited=&#8221;on|phone&#8221; background_layout_last_edited=&#8221;off|desktop&#8221; header_3_text_shadow_style=&#8221;preset2&#8243; header_3_text_shadow_vertical_length=&#8221;0.1em&#8221; header_3_text_shadow_blur_strength=&#8221;0.1em&#8221; header_3_text_shadow_color=&#8221;#000000&#8243; locked=&#8221;off&#8221; header_2_3_font_size_phone=&#8221;20px&#8221; header_3_3_font_size_phone=&#8221;20px&#8221; header_4_3_font_size_phone=&#8221;20px&#8221; header_5_3_font_size_phone=&#8221;20px&#8221; header_6_3_font_size_phone=&#8221;20px&#8221; header_2_3_font_size_last_edited=&#8221;on|phone&#8221; header_3_3_font_size_last_edited=&#8221;on|phone&#8221; header_4_3_font_size_last_edited=&#8221;on|phone&#8221; header_5_3_font_size_last_edited=&#8221;on|phone&#8221; header_6_3_font_size_last_edited=&#8221;on|phone&#8221;]<h3>\u00c1rny\u00e9kol\u00e1stechnika<\/h3>[\/et_pb_text][et_pb_image src=&#8221;https:\/\/profikomglass.sk\/wp-content\/uploads\/2021\/02\/renovation-11.png&#8221; title_text=&#8221;renovation-11&#8243; align=&#8221;center&#8221; align_tablet=&#8221;left&#8221; align_phone=&#8221;&#8221; align_last_edited=&#8221;on|tablet&#8221; _builder_version=&#8221;4.4.8&#8243; positioning=&#8221;absolute&#8221; position_origin_a=&#8221;bottom_left&#8221; vertical_offset=&#8221;-88px&#8221; horizontal_offset=&#8221;-88px&#8221; vertical_offset_last_edited=&#8221;off|phone&#8221; horizontal_offset_tablet=&#8221;-70px&#8221; horizontal_offset_phone=&#8221;-100px&#8221; horizontal_offset_last_edited=&#8221;off|desktop&#8221; scroll_vertical_motion_enable=&#8221;on&#8221; scroll_vertical_motion=&#8221;0|50|50|100|2|0|-2&#8243; scroll_horizontal_motion_enable=&#8221;on&#8221; scroll_horizontal_motion=&#8221;0|50|50|100|2|0|-2&#8243; scroll_rotating=&#8221;0|50|50|100|-45\u00b0|0|0&#8243; locked=&#8221;off&#8221;][\/et_pb_image][\/et_pb_column][\/et_pb_row][\/et_pb_section][et_pb_section fb_built=&#8221;1&#8243; admin_label=&#8221;Header&#8221; module_id=&#8221;proces&#8221; _builder_version=&#8221;4.9.0&#8243; use_background_color_gradient=&#8221;on&#8221; background_color_gradient_start=&#8221;rgba(0,0,0,0.5)&#8221; background_color_gradient_end=&#8221;rgba(0,0,0,0.5)&#8221; background_color_gradient_overlays_image=&#8221;on&#8221; background_image=&#8221;https:\/\/profikomglass.sk\/wp-content\/uploads\/2021\/02\/gealan-acrylcolor-oberflaeche-lg.jpg&#8221; custom_padding=&#8221;8vw||||false|false&#8221; top_divider_style=&#8221;slant&#8221; top_divider_color=&#8221;#FFD000&#8243; top_divider_height=&#8221;70px&#8221; top_divider_flip=&#8221;horizontal&#8221; top_divider_height_tablet=&#8221;30px&#8221; top_divider_height_phone=&#8221;15px&#8221; top_divider_height_last_edited=&#8221;on|tablet&#8221; bottom_divider_style=&#8221;slant&#8221; bottom_divider_color=&#8221;#FFFFFF&#8221; bottom_divider_height=&#8221;70px&#8221; bottom_divider_height_tablet=&#8221;30px&#8221; bottom_divider_height_phone=&#8221;15px&#8221; bottom_divider_height_last_edited=&#8221;on|desktop&#8221;][et_pb_row _builder_version=&#8221;4.4.8&#8243; custom_margin=&#8221;5vw||||false|false&#8221;][et_pb_column type=&#8221;4_4&#8243; _builder_version=&#8221;4.4.8&#8243;][et_pb_image src=&#8221;https:\/\/profikomglass.sk\/wp-content\/uploads\/2021\/03\/header_text_munkafolyamat.png&#8221; title_text=&#8221;header_text_proces&#8221; show_bottom_space=&#8221;off&#8221; _builder_version=&#8221;4.9.0&#8243; custom_padding=&#8221;||||false|false&#8221; scroll_horizontal_motion_enable=&#8221;on&#8221; scroll_horizontal_motion=&#8221;0|50|50|100|3|0|-3&#8243;][\/et_pb_image][\/et_pb_column][\/et_pb_row][\/et_pb_section][et_pb_section fb_built=&#8221;1&#8243; admin_label=&#8221;Process&#8221; _builder_version=&#8221;4.4.8&#8243; background_color=&#8221;rgba(0,0,0,0)&#8221;][et_pb_row _builder_version=&#8221;4.4.8&#8243; custom_padding=&#8221;0px||0px|||&#8221; locked=&#8221;off&#8221;][et_pb_column type=&#8221;4_4&#8243; _builder_version=&#8221;4.4.8&#8243;][et_pb_image src=&#8221;https:\/\/profikomglass.sk\/wp-content\/uploads\/2021\/02\/renovation-19.png&#8221; title_text=&#8221;renovation-19&#8243; admin_label=&#8221;Image&#8221; _builder_version=&#8221;4.9.2&#8243; positioning=&#8221;absolute&#8221; position_origin_a=&#8221;bottom_right&#8221; vertical_offset=&#8221;-40px&#8221; horizontal_offset=&#8221;-40px&#8221; width_tablet=&#8221;20%&#8221; width_phone=&#8221;35%&#8221; width_last_edited=&#8221;on|tablet&#8221; custom_margin=&#8221;||0px||false|false&#8221; scroll_rotating_enable=&#8221;on&#8221; scroll_rotating=&#8221;0|50|50|100|45\u00b0|0|-45\u00b0&#8221; locked=&#8221;off&#8221;][\/et_pb_image][\/et_pb_column][\/et_pb_row][et_pb_row column_structure=&#8221;1_2,1_2&#8243; _builder_version=&#8221;4.9.0&#8243; custom_padding=&#8221;||||false|false&#8221;][et_pb_column type=&#8221;1_2&#8243; _builder_version=&#8221;4.9.0&#8243; scroll_horizontal_motion_enable=&#8221;on&#8221; scroll_horizontal_motion=&#8221;0|50|50|100|-3|0|0&#8243;][et_pb_blurb use_icon=&#8221;on&#8221; font_icon=&#8221;%%282%%&#8221; icon_color=&#8221;#000000&#8243; use_circle=&#8221;on&#8221; icon_alignment=&#8221;right&#8221; use_icon_font_size=&#8221;on&#8221; icon_font_size=&#8221;32px&#8221; _builder_version=&#8221;4.4.8&#8243; max_width=&#8221;360px&#8221; module_alignment=&#8221;center&#8221; custom_margin=&#8221;||-30px||false|false&#8221;][\/et_pb_blurb][et_pb_text _builder_version=&#8221;4.4.8&#8243; text_font=&#8221;Kanit|700|||||||&#8221; text_text_color=&#8221;#f2f2f2&#8243; text_font_size=&#8221;200px&#8221; text_line_height=&#8221;0.8em&#8221; width=&#8221;80%&#8221; max_width=&#8221;360px&#8221; module_alignment=&#8221;center&#8221; custom_margin=&#8221;||0px||false|false&#8221; text_font_size_tablet=&#8221;&#8221; text_font_size_phone=&#8221;130px&#8221; text_font_size_last_edited=&#8221;on|phone&#8221;]01[\/et_pb_text][et_pb_text _builder_version=&#8221;4.9.1&#8243; text_text_color=&#8221;#000000&#8243; header_2_font=&#8221;Kanit|700|||||||&#8221; header_2_font_size=&#8221;48px&#8221; header_2_line_height=&#8221;1.1em&#8221; text_orientation=&#8221;center&#8221; width=&#8221;80%&#8221; max_width=&#8221;360px&#8221; module_alignment=&#8221;center&#8221; custom_margin=&#8221;||10px||false|false&#8221; header_2_font_size_tablet=&#8221;48px&#8221; header_2_font_size_phone=&#8221;28px&#8221; header_2_font_size_last_edited=&#8221;on|tablet&#8221;]<h2>\u00c1raj\u00e1nlat<\/h2>\r\n<p class=\"western\" align=\"left\">Els\u0151 l\u00e9p\u00e9sben r\u00e9szletes egyeztet\u00e9s ut\u00e1n \u00e1raj\u00e1nlatot k\u00fcld\u00fcnk \u00d6nnek. Annak meger\u0151s\u00edt\u00e9s\u00e9vel elkezd\u0151dhet a munka.<\/p>[\/et_pb_text][\/et_pb_column][et_pb_column type=&#8221;1_2&#8243; _builder_version=&#8221;4.4.8&#8243;][\/et_pb_column][\/et_pb_row][et_pb_row column_structure=&#8221;1_2,1_2&#8243; use_custom_gutter=&#8221;on&#8221; gutter_width=&#8221;1&#8243; _builder_version=&#8221;4.9.1&#8243; max_width=&#8221;1160px&#8221; custom_padding=&#8221;50px|||||&#8221;][et_pb_column type=&#8221;1_2&#8243; _builder_version=&#8221;4.9.0&#8243; background_color=&#8221;#ffd000&#8243; background_image=&#8221;https:\/\/profikomglass.sk\/wp-content\/uploads\/2021\/02\/renovation-51-1.png&#8221; background_size=&#8221;contain&#8221; background_position=&#8221;bottom_center&#8221; custom_padding=&#8221;8%||17%||false|false&#8221; custom_padding_tablet=&#8221;||30%||false|false&#8221; custom_padding_phone=&#8221;&#8221; custom_padding_last_edited=&#8221;on|phone&#8221; scroll_horizontal_motion_enable=&#8221;on&#8221; scroll_horizontal_motion=&#8221;0|50|50|100|-4|0|0&#8243;][et_pb_blurb use_icon=&#8221;on&#8221; font_icon=&#8221;%%267%%&#8221; use_circle=&#8221;on&#8221; circle_color=&#8221;#000000&#8243; icon_alignment=&#8221;right&#8221; use_icon_font_size=&#8221;on&#8221; icon_font_size=&#8221;32px&#8221; _builder_version=&#8221;4.4.8&#8243; width=&#8221;80%&#8221; max_width=&#8221;360px&#8221; module_alignment=&#8221;center&#8221; custom_margin=&#8221;||-30px||false|false&#8221; locked=&#8221;off&#8221;][\/et_pb_blurb][et_pb_text _builder_version=&#8221;4.4.8&#8243; text_font=&#8221;Kanit|700|||||||&#8221; text_text_color=&#8221;rgba(255,255,255,0.5)&#8221; text_font_size=&#8221;200px&#8221; text_line_height=&#8221;0.8em&#8221; width=&#8221;80%&#8221; max_width=&#8221;360px&#8221; module_alignment=&#8221;center&#8221; custom_margin=&#8221;||||false|false&#8221; text_font_size_tablet=&#8221;&#8221; text_font_size_phone=&#8221;130px&#8221; text_font_size_last_edited=&#8221;on|phone&#8221; locked=&#8221;off&#8221;]02[\/et_pb_text][et_pb_text _builder_version=&#8221;4.9.1&#8243; text_text_color=&#8221;#000000&#8243; header_2_font=&#8221;Kanit|700|||||||&#8221; header_2_font_size=&#8221;48px&#8221; header_2_line_height=&#8221;1.1em&#8221; text_orientation=&#8221;center&#8221; width=&#8221;80%&#8221; max_width=&#8221;360px&#8221; module_alignment=&#8221;center&#8221; custom_margin=&#8221;||16px||false|false&#8221; header_2_font_size_tablet=&#8221;48px&#8221; header_2_font_size_phone=&#8221;28px&#8221; header_2_font_size_last_edited=&#8221;on|tablet&#8221; locked=&#8221;off&#8221; header_2_2_font_size_tablet=&#8221;48px&#8221; header_3_2_font_size_tablet=&#8221;48px&#8221; header_4_2_font_size_tablet=&#8221;48px&#8221; header_5_2_font_size_tablet=&#8221;48px&#8221; header_6_2_font_size_tablet=&#8221;48px&#8221; header_2_2_font_size_phone=&#8221;28px&#8221; header_3_2_font_size_phone=&#8221;28px&#8221; header_4_2_font_size_phone=&#8221;28px&#8221; header_5_2_font_size_phone=&#8221;28px&#8221; header_6_2_font_size_phone=&#8221;28px&#8221; header_2_2_font_size_last_edited=&#8221;on|tablet&#8221; header_3_2_font_size_last_edited=&#8221;on|tablet&#8221; header_4_2_font_size_last_edited=&#8221;on|tablet&#8221; header_5_2_font_size_last_edited=&#8221;on|tablet&#8221; header_6_2_font_size_last_edited=&#8221;on|tablet&#8221;]<h2>Tervez\u00e9s<\/h2>\r\n<p class=\"western\" align=\"left\">A munk\u00e1t a lehet\u0151 legr\u00e9szletesebben szeretj\u00fck kidolgozni, hogy azt ne csak prec\u00edzen, de hat\u00e1rid\u0151n bel\u00fcl tudjuk befejezni \u00fagy, hogy az az \u00fcgyf\u00e9l minden elv\u00e1r\u00e1s\u00e1nak megfeleljen.<\/p>[\/et_pb_text][\/et_pb_column][et_pb_column type=&#8221;1_2&#8243; _builder_version=&#8221;4.9.1&#8243; background_image=&#8221;https:\/\/profikomglass.sk\/wp-content\/uploads\/2021\/03\/ediiited.jpg&#8221; background_position=&#8221;bottom_center&#8221; transform_scale_tablet=&#8221;&#8221; transform_scale_phone=&#8221;&#8221; transform_scale_last_edited=&#8221;on|tablet&#8221; transform_translate=&#8221;0px|-165px&#8221; transform_translate_tablet=&#8221;0px|0px&#8221; transform_translate_phone=&#8221;&#8221; transform_translate_last_edited=&#8221;on|tablet&#8221; transform_translate_linked=&#8221;off&#8221; transform_rotate_tablet=&#8221;&#8221; transform_rotate_phone=&#8221;&#8221; transform_rotate_last_edited=&#8221;on|tablet&#8221; transform_skew_tablet=&#8221;&#8221; transform_skew_phone=&#8221;&#8221; transform_skew_last_edited=&#8221;on|tablet&#8221; transform_origin_tablet=&#8221;&#8221; transform_origin_phone=&#8221;&#8221; transform_origin_last_edited=&#8221;on|tablet&#8221; transform_styles_last_edited=&#8221;on|tablet&#8221; custom_padding=&#8221;||110px||false|false&#8221; scroll_horizontal_motion_enable=&#8221;on&#8221; scroll_horizontal_motion=&#8221;0|50|50|100|4|0|0&#8243; transform_styles_tablet=&#8221;&#8221; transform_styles_phone=&#8221;&#8221;][et_pb_image src=&#8221;https:\/\/profikomglass.sk\/wp-content\/uploads\/2021\/02\/renovation-04.png&#8221; title_text=&#8221;renovation-04&#8243; force_fullwidth=&#8221;on&#8221; _builder_version=&#8221;4.4.8&#8243;][\/et_pb_image][et_pb_blurb use_icon=&#8221;on&#8221; font_icon=&#8221;%%135%%&#8221; icon_color=&#8221;#000000&#8243; use_circle=&#8221;on&#8221; circle_color=&#8221;#ffffff&#8221; icon_alignment=&#8221;right&#8221; use_icon_font_size=&#8221;on&#8221; icon_font_size=&#8221;32px&#8221; _builder_version=&#8221;4.4.8&#8243; width=&#8221;80%&#8221; max_width=&#8221;360px&#8221; module_alignment=&#8221;center&#8221; custom_margin=&#8221;||-30px||false|false&#8221; locked=&#8221;off&#8221;][\/et_pb_blurb][et_pb_text _builder_version=&#8221;4.9.0&#8243; text_font=&#8221;Kanit|700|||||||&#8221; text_font_size=&#8221;200px&#8221; text_line_height=&#8221;0.8em&#8221; background_layout=&#8221;dark&#8221; width=&#8221;80%&#8221; max_width=&#8221;360px&#8221; module_alignment=&#8221;center&#8221; custom_margin=&#8221;||||false|false&#8221; custom_padding=&#8221;||||false|false&#8221; text_font_size_tablet=&#8221;&#8221; text_font_size_phone=&#8221;130px&#8221; text_font_size_last_edited=&#8221;on|phone&#8221; text_text_shadow_style=&#8221;preset2&#8243; locked=&#8221;off&#8221;]<p>03<\/p>[\/et_pb_text][et_pb_text _builder_version=&#8221;4.9.1&#8243; header_2_font=&#8221;Kanit|700|||||||&#8221; header_2_font_size=&#8221;48px&#8221; header_2_line_height=&#8221;1.1em&#8221; text_orientation=&#8221;center&#8221; background_layout=&#8221;dark&#8221; width=&#8221;80%&#8221; max_width=&#8221;360px&#8221; module_alignment=&#8221;center&#8221; custom_margin=&#8221;||10px||false|false&#8221; header_2_font_size_tablet=&#8221;48px&#8221; header_2_font_size_phone=&#8221;28px&#8221; header_2_font_size_last_edited=&#8221;on|tablet&#8221; text_text_shadow_style=&#8221;preset2&#8243; header_2_text_shadow_style=&#8221;preset2&#8243; locked=&#8221;off&#8221; header_2_2_font_size_tablet=&#8221;48px&#8221; header_3_2_font_size_tablet=&#8221;48px&#8221; header_4_2_font_size_tablet=&#8221;48px&#8221; header_5_2_font_size_tablet=&#8221;48px&#8221; header_6_2_font_size_tablet=&#8221;48px&#8221; header_2_2_font_size_phone=&#8221;28px&#8221; header_3_2_font_size_phone=&#8221;28px&#8221; header_4_2_font_size_phone=&#8221;28px&#8221; header_5_2_font_size_phone=&#8221;28px&#8221; header_6_2_font_size_phone=&#8221;28px&#8221; header_2_2_font_size_last_edited=&#8221;on|tablet&#8221; header_3_2_font_size_last_edited=&#8221;on|tablet&#8221; header_4_2_font_size_last_edited=&#8221;on|tablet&#8221; header_5_2_font_size_last_edited=&#8221;on|tablet&#8221; header_6_2_font_size_last_edited=&#8221;on|tablet&#8221;]<h2>Kivitelez\u00e9s<\/h2>\r\n<p class=\"western\" align=\"left\">A v\u00e9gs\u0151 l\u00e9p\u00e9s maga a kivitelez\u00e9s. A kell\u0151 id\u0151pontban nekil\u00e1tunk a munk\u00e1nak, majd annak befejez\u00e9se ut\u00e1n r\u00e9szletes ellen\u0151zs\u00e9nek vetj\u00fck al\u00e1. A munka \u00e1tad\u00e1sa ut\u00e1n is k\u00e9sz\u00e9sggel \u00e1llunk \u00fcgyfeleink rendelkez\u00e9s\u00e9re.<\/p>[\/et_pb_text][et_pb_button button_url=&#8221;#kontakt&#8221; button_text=&#8221;L\u00e9pjen vel\u00fcnk kapcsolatba!&#8221; button_alignment=&#8221;right&#8221; _builder_version=&#8221;4.9.0&#8243; custom_button=&#8221;on&#8221; button_text_size=&#8221;14px&#8221; button_text_color=&#8221;#ffffff&#8221; button_bg_color=&#8221;#000000&#8243; button_border_width=&#8221;0px&#8221; button_border_radius=&#8221;0px&#8221; button_letter_spacing=&#8221;1px&#8221; button_font=&#8221;|700||on|||||&#8221; button_icon=&#8221;%%3%%&#8221; positioning=&#8221;absolute&#8221; position_origin_a=&#8221;bottom_right&#8221; custom_margin=&#8221;||||false|false&#8221; custom_padding=&#8221;15px|40px|15px|40px|true|true&#8221; box_shadow_style=&#8221;preset4&#8243; box_shadow_horizontal=&#8221;0px&#8221; box_shadow_vertical=&#8221;0px&#8221; box_shadow_spread=&#8221;10px&#8221; box_shadow_color=&#8221;#ffffff&#8221; locked=&#8221;off&#8221; button_bg_color__hover_enabled=&#8221;on|hover&#8221; button_bg_color__hover=&#8221;#FFD000&#8243; button_bg_enable_color__hover=&#8221;on&#8221;][\/et_pb_button][\/et_pb_column][\/et_pb_row][\/et_pb_section][et_pb_section fb_built=&#8221;1&#8243; admin_label=&#8221;Services&#8221; _builder_version=&#8221;4.4.8&#8243; custom_padding=&#8221;0px|||||&#8221;][et_pb_row column_structure=&#8221;1_4,1_4,1_4,1_4&#8243; _builder_version=&#8221;4.9.0&#8243; locked=&#8221;off&#8221;][et_pb_column type=&#8221;1_4&#8243; _builder_version=&#8221;4.4.8&#8243;][et_pb_blurb title=&#8221;Gy\u00e1rt\u00e1si rajzok k\u00e9sz\u00edt\u00e9se&#8221; image=&#8221;https:\/\/profikomglass.sk\/wp-content\/uploads\/2021\/02\/renovation-icon-5.png&#8221; icon_alignment=&#8221;left&#8221; content_max_width=&#8221;100%&#8221; _builder_version=&#8221;4.9.0&#8243; header_font=&#8221;Kanit|600|||||||&#8221; header_font_size=&#8221;20px&#8221; header_line_height=&#8221;1.3em&#8221; body_line_height=&#8221;1.8em&#8221; background_image=&#8221;https:\/\/profikomglass.sk\/wp-content\/uploads\/2021\/02\/Oval.png&#8221; background_size=&#8221;initial&#8221; background_position=&#8221;top_left&#8221; animation=&#8221;off&#8221; header_font_size_tablet=&#8221;18px&#8221; header_font_size_phone=&#8221;16px&#8221; header_font_size_last_edited=&#8221;on|phone&#8221;][\/et_pb_blurb][\/et_pb_column][et_pb_column type=&#8221;1_4&#8243; _builder_version=&#8221;4.4.8&#8243;][et_pb_blurb title=&#8221;Term\u00e9kek legy\u00e1rt\u00e1sa&#8221; image=&#8221;https:\/\/profikomglass.sk\/wp-content\/uploads\/2021\/02\/renovation-icon-7.png&#8221; icon_alignment=&#8221;left&#8221; content_max_width=&#8221;100%&#8221; _builder_version=&#8221;4.9.0&#8243; header_font=&#8221;Kanit|600|||||||&#8221; header_font_size=&#8221;20px&#8221; header_line_height=&#8221;1.3em&#8221; body_line_height=&#8221;1.8em&#8221; background_image=&#8221;https:\/\/profikomglass.sk\/wp-content\/uploads\/2021\/02\/Oval.png&#8221; background_size=&#8221;initial&#8221; background_position=&#8221;top_left&#8221; animation=&#8221;off&#8221; header_font_size_tablet=&#8221;18px&#8221; header_font_size_phone=&#8221;16px&#8221; header_font_size_last_edited=&#8221;on|phone&#8221; locked=&#8221;off&#8221;][\/et_pb_blurb][\/et_pb_column][et_pb_column type=&#8221;1_4&#8243; _builder_version=&#8221;4.4.8&#8243;][et_pb_blurb title=&#8221;Beszerel\u00e9s \u00e9s szerv\u00edz&#8221; image=&#8221;https:\/\/profikomglass.sk\/wp-content\/uploads\/2021\/02\/renovation-icon-4.png&#8221; icon_alignment=&#8221;left&#8221; content_max_width=&#8221;100%&#8221; _builder_version=&#8221;4.9.0&#8243; header_font=&#8221;Kanit|600|||||||&#8221; header_font_size=&#8221;20px&#8221; header_line_height=&#8221;1.3em&#8221; body_line_height=&#8221;1.8em&#8221; background_image=&#8221;https:\/\/profikomglass.sk\/wp-content\/uploads\/2021\/02\/Oval.png&#8221; background_size=&#8221;initial&#8221; background_position=&#8221;top_left&#8221; animation=&#8221;off&#8221; header_font_size_tablet=&#8221;18px&#8221; header_font_size_phone=&#8221;16px&#8221; header_font_size_last_edited=&#8221;on|phone&#8221; locked=&#8221;off&#8221;][\/et_pb_blurb][\/et_pb_column][et_pb_column type=&#8221;1_4&#8243; _builder_version=&#8221;4.4.8&#8243;][et_pb_blurb title=&#8221;K\u0151m\u0171vesmunka&#8221; image=&#8221;https:\/\/profikomglass.sk\/wp-content\/uploads\/2021\/02\/renovation-icon-10.png&#8221; icon_alignment=&#8221;left&#8221; content_max_width=&#8221;100%&#8221; _builder_version=&#8221;4.9.0&#8243; header_font=&#8221;Kanit|600|||||||&#8221; header_font_size=&#8221;20px&#8221; header_line_height=&#8221;1.3em&#8221; body_line_height=&#8221;1.8em&#8221; background_image=&#8221;https:\/\/profikomglass.sk\/wp-content\/uploads\/2021\/02\/Oval.png&#8221; background_size=&#8221;initial&#8221; background_position=&#8221;top_left&#8221; animation=&#8221;off&#8221; header_font_size_tablet=&#8221;18px&#8221; header_font_size_phone=&#8221;16px&#8221; header_font_size_last_edited=&#8221;on|phone&#8221; locked=&#8221;off&#8221;][\/et_pb_blurb][\/et_pb_column][\/et_pb_row][\/et_pb_section][et_pb_section fb_built=&#8221;1&#8243; next_background_color=&#8221;#ffffff&#8221; admin_label=&#8221;Sliding&#8221; module_id=&#8221;referencie&#8221; _builder_version=&#8221;4.9.0&#8243; use_background_color_gradient=&#8221;on&#8221; background_color_gradient_start=&#8221;rgba(0,0,0,0.5)&#8221; background_color_gradient_end=&#8221;rgba(0,0,0,0.5)&#8221; background_color_gradient_overlays_image=&#8221;on&#8221; background_image=&#8221;https:\/\/profikomglass.sk\/wp-content\/uploads\/2021\/02\/05m-isotra-1.jpg&#8221; custom_padding=&#8221;8vw||||false|false&#8221; top_divider_style=&#8221;slant&#8221; top_divider_color=&#8221;#FFFFFF&#8221; top_divider_height=&#8221;70px&#8221; top_divider_flip=&#8221;horizontal&#8221; top_divider_height_tablet=&#8221;30px&#8221; top_divider_height_phone=&#8221;15px&#8221; top_divider_height_last_edited=&#8221;on|tablet&#8221; bottom_divider_style=&#8221;slant&#8221; bottom_divider_height=&#8221;70px&#8221; bottom_divider_height_tablet=&#8221;30px&#8221; bottom_divider_height_phone=&#8221;15px&#8221; bottom_divider_height_last_edited=&#8221;on|desktop&#8221;][et_pb_row _builder_version=&#8221;4.4.8&#8243; custom_margin=&#8221;5vw||||false|false&#8221;][et_pb_column type=&#8221;4_4&#8243; _builder_version=&#8221;4.4.8&#8243;][et_pb_image src=&#8221;https:\/\/profikomglass.sk\/wp-content\/uploads\/2021\/03\/header_text_referenciak.png&#8221; title_text=&#8221;header_text_referencie&#8221; show_bottom_space=&#8221;off&#8221; _builder_version=&#8221;4.9.0&#8243; custom_padding=&#8221;||||false|false&#8221; scroll_horizontal_motion_enable=&#8221;on&#8221; scroll_horizontal_motion=&#8221;0|50|50|100|10|0|-5&#8243;][\/et_pb_image][\/et_pb_column][\/et_pb_row][\/et_pb_section][et_pb_section fb_built=&#8221;1&#8243; custom_padding_last_edited=&#8221;on|tablet&#8221; admin_label=&#8221;Gallery&#8221; _builder_version=&#8221;4.9.2&#8243; custom_padding=&#8221;||90px|||&#8221; custom_padding_tablet=&#8221;||0px||false|false&#8221; custom_padding_phone=&#8221;||0px||false|false&#8221;][et_pb_row _builder_version=&#8221;4.4.8&#8243; custom_padding=&#8221;0px||0px|||&#8221; locked=&#8221;off&#8221;][et_pb_column type=&#8221;4_4&#8243; _builder_version=&#8221;4.4.8&#8243;][et_pb_image src=&#8221;https:\/\/profikomglass.sk\/wp-content\/uploads\/2021\/02\/renovation-19.png&#8221; title_text=&#8221;renovation-19&#8243; admin_label=&#8221;Image&#8221; _builder_version=&#8221;4.9.2&#8243; positioning=&#8221;absolute&#8221; position_origin_a=&#8221;bottom_right&#8221; vertical_offset=&#8221;-40px&#8221; horizontal_offset=&#8221;-40px&#8221; width_tablet=&#8221;20%&#8221; width_phone=&#8221;35%&#8221; width_last_edited=&#8221;on|tablet&#8221; custom_margin=&#8221;||0px||false|false&#8221; scroll_rotating_enable=&#8221;on&#8221; scroll_rotating=&#8221;0|50|50|100|45\u00b0|0|-45\u00b0&#8221; locked=&#8221;off&#8221;][\/et_pb_image][\/et_pb_column][\/et_pb_row][et_pb_row _builder_version=&#8221;4.4.8&#8243;][et_pb_column type=&#8221;4_4&#8243; _builder_version=&#8221;4.4.8&#8243;][et_pb_text _builder_version=&#8221;4.9.0&#8243; header_2_font=&#8221;Kanit|700|||||||&#8221; header_2_text_color=&#8221;#000000&#8243; header_2_font_size=&#8221;48px&#8221; header_2_line_height=&#8221;1.1em&#8221; text_orientation=&#8221;center&#8221; header_2_font_size_tablet=&#8221;32px&#8221; header_2_font_size_phone=&#8221;22px&#8221; header_2_font_size_last_edited=&#8221;on|phone&#8221; locked=&#8221;off&#8221;]<h2>Munk\u00e1ink, melyekre b\u00fcszk\u00e9k vagyunk<\/h2>[\/et_pb_text][\/et_pb_column][\/et_pb_row][et_pb_row column_structure=&#8221;1_2,1_2&#8243; _builder_version=&#8221;4.9.2&#8243; custom_margin_tablet=&#8221;&#8221; custom_margin_phone=&#8221;&#8221; custom_margin_last_edited=&#8221;on|tablet&#8221; custom_padding=&#8221;||0px||false|false&#8221;][et_pb_column type=&#8221;1_2&#8243; _builder_version=&#8221;4.4.8&#8243;][et_pb_image src=&#8221;https:\/\/profikomglass.sk\/wp-content\/uploads\/2021\/02\/IMG_20200229_154037-scaled.jpg&#8221; title_text=&#8221;IMG_20200229_154037&#8243; _builder_version=&#8221;4.9.0&#8243;][\/et_pb_image][\/et_pb_column][et_pb_column type=&#8221;1_2&#8243; _builder_version=&#8221;4.4.8&#8243;][et_pb_image src=&#8221;https:\/\/profikomglass.sk\/wp-content\/uploads\/2021\/02\/IMG_20201218_132803-scaled.jpg&#8221; title_text=&#8221;IMG_20201218_132803&#8243; _builder_version=&#8221;4.9.0&#8243;][\/et_pb_image][\/et_pb_column][\/et_pb_row][et_pb_row column_structure=&#8221;1_2,1_2&#8243; _builder_version=&#8221;4.9.0&#8243;][et_pb_column type=&#8221;1_2&#8243; _builder_version=&#8221;4.4.8&#8243;][et_pb_image src=&#8221;https:\/\/profikomglass.sk\/wp-content\/uploads\/2021\/02\/IMG_20200925_151820-scaled.jpg&#8221; title_text=&#8221;IMG_20200925_151820&#8243; _builder_version=&#8221;4.9.0&#8243;][\/et_pb_image][\/et_pb_column][et_pb_column type=&#8221;1_2&#8243; _builder_version=&#8221;4.9.0&#8243; background_enable_color=&#8221;off&#8221; background_image=&#8221;https:\/\/profikomglass.sk\/wp-content\/uploads\/2021\/02\/bgbgbg.png&#8221; scroll_horizontal_motion_enable=&#8221;on&#8221; scroll_horizontal_motion=&#8221;0|50|50|100|4|0|0&#8243;][et_pb_blurb title=&#8221;Referenci\u00e1ink gal\u00e9ri\u00e1ja&#8221; image=&#8221;https:\/\/profikomglass.sk\/wp-content\/uploads\/2021\/02\/renovation-icon-4.png&#8221; _builder_version=&#8221;4.9.0&#8243; _module_preset=&#8221;default&#8221; header_font=&#8221;|600|||||||&#8221; header_text_align=&#8221;center&#8221; custom_margin=&#8221;50px|60px|52px|49px||&#8221;]<p>Kisebb, \u00e9s nagyobb projekteket tudhatunk magunk m\u00f6g\u00f6tt, melyek bizony\u00edtj\u00e1k szak\u00e9rtelm\u00fcnk \u00e9s melyek sor\u00e1n t\u00f6bb \u00e9s t\u00f6bb tapasztalatot szerezt\u00fcnk.<\/p>[\/et_pb_blurb][et_pb_button button_url=&#8221;https:\/\/profikomglass.sk\/hu\/referenciak\/&#8221; button_text=&#8221;\u00d6sszes referencia&#8221; button_alignment=&#8221;left&#8221; button_alignment_tablet=&#8221;center&#8221; button_alignment_phone=&#8221;center&#8221; button_alignment_last_edited=&#8221;on|desktop&#8221; _builder_version=&#8221;4.9.2&#8243; _module_preset=&#8221;default&#8221; custom_button=&#8221;on&#8221; button_text_size=&#8221;16px&#8221; button_text_color=&#8221;#FFFFFF&#8221; button_bg_color=&#8221;#000000&#8243; button_border_width=&#8221;7px&#8221; button_border_radius=&#8221;0px&#8221; button_font=&#8221;|600||on|||||&#8221; custom_padding=&#8221;12px|40px|12px|40px|false|false&#8221;][\/et_pb_button][\/et_pb_column][\/et_pb_row][\/et_pb_section]\n","protected":false},"excerpt":{"rendered":"<p>Min\u0151s\u00e9gi munka, bar\u00e1ts\u00e1gos \u00e1ron Tiszt\u00e1ban vagyunk azzal, hogy neh\u00e9z olyan munkaer\u0151t tal\u00e1lni, aki nem csup\u00e1n min\u0151s\u00e9gi munk\u00e1t v\u00e9gez, de mindazt id\u0151ben elv\u00e9gzi a k\u00e9rt elv\u00e1r\u00e1sok szerint. Ne keressen tov\u00e1bb, mert j\u00f3 helyen j\u00e1r.Egy lak\u00e1sfel\u00faj\u00edt\u00e1s teljes egy\u00fcttm\u0171k\u00f6d\u00e9st ig\u00e9nyel a k\u00fcl\u00f6mb\u00f6z\u0151 munk\u00e1t elv\u00e9gz\u0151 csapatok k\u00f6zt. Mi kell\u0151 flexibilit\u00e1ssal \u00e1llunk rendelkez\u00e9s\u00e9re, hogy a munk\u00e1ra kalandk\u00e9nt tekintsen fejf\u00e1j\u00e1s helyett.Minden [&hellip;]<\/p>\n","protected":false},"author":1,"featured_media":0,"parent":0,"menu_order":0,"comment_status":"closed","ping_status":"closed","template":"","meta":{"_et_pb_use_builder":"on","_et_pb_old_content":"","_et_gb_content_width":""},"yoast_head":"<!-- This site is optimized with the Yoast SEO plugin v20.2.1 - https:\/\/yoast.com\/wordpress\/plugins\/seo\/ -->\n<title>F\u0151oldal - ProfiKom-Glass s.r.o. | Okn\u00e1, dvere, pergoly, letn\u00e9 terasy<\/title>\n<meta name=\"description\" content=\"Ablakok, ajt\u00f3k \u00e9s gar\u00e1zsajt\u00f3k beszerel\u00e9se, szerv\u00edzel\u00e9se | Teljes \u00e9ves vagy szezon\u00e1lis t\u00e9likertek, pergol\u00e1k |Erk\u00e9lyek, teraszok \u00e9s loggi\u00e1k\" \/>\n<meta name=\"robots\" content=\"index, follow, max-snippet:-1, max-image-preview:large, max-video-preview:-1\" \/>\n<link rel=\"canonical\" href=\"https:\/\/profikomglass.sk\/hu\/\" \/>\n<meta property=\"og:locale\" content=\"hu_HU\" \/>\n<meta property=\"og:type\" content=\"article\" \/>\n<meta property=\"og:title\" content=\"F\u0151oldal - ProfiKom-Glass s.r.o. | Okn\u00e1, dvere, pergoly, letn\u00e9 terasy\" \/>\n<meta property=\"og:description\" content=\"Ablakok, ajt\u00f3k \u00e9s gar\u00e1zsajt\u00f3k beszerel\u00e9se, szerv\u00edzel\u00e9se | Teljes \u00e9ves vagy szezon\u00e1lis t\u00e9likertek, pergol\u00e1k |Erk\u00e9lyek, teraszok \u00e9s loggi\u00e1k\" \/>\n<meta property=\"og:url\" content=\"https:\/\/profikomglass.sk\/hu\/\" \/>\n<meta property=\"og:site_name\" content=\"ProfiKom-Glass s.r.o. | Okn\u00e1, dvere, pergoly, letn\u00e9 terasy\" \/>\n<meta property=\"article:modified_time\" content=\"2021-04-13T11:34:27+00:00\" \/>\n<meta name=\"twitter:card\" content=\"summary_large_image\" \/>\n<meta name=\"twitter:label1\" content=\"Becs\u00fclt olvas\u00e1si id\u0151\" \/>\n\t<meta name=\"twitter:data1\" content=\"6 perc\" \/>\n<script type=\"application\/ld+json\" class=\"yoast-schema-graph\">{\"@context\":\"https:\/\/schema.org\",\"@graph\":[{\"@type\":\"WebPage\",\"@id\":\"https:\/\/profikomglass.sk\/hu\/\",\"url\":\"https:\/\/profikomglass.sk\/hu\/\",\"name\":\"F\u0151oldal - ProfiKom-Glass s.r.o. | Okn\u00e1, dvere, pergoly, letn\u00e9 terasy\",\"isPartOf\":{\"@id\":\"https:\/\/profikomglass.sk\/hu\/#website\"},\"datePublished\":\"2021-03-21T18:56:19+00:00\",\"dateModified\":\"2021-04-13T11:34:27+00:00\",\"description\":\"Ablakok, ajt\u00f3k \u00e9s gar\u00e1zsajt\u00f3k beszerel\u00e9se, szerv\u00edzel\u00e9se | Teljes \u00e9ves vagy szezon\u00e1lis t\u00e9likertek, pergol\u00e1k |Erk\u00e9lyek, teraszok \u00e9s loggi\u00e1k\",\"breadcrumb\":{\"@id\":\"https:\/\/profikomglass.sk\/hu\/#breadcrumb\"},\"inLanguage\":\"hu\",\"potentialAction\":[{\"@type\":\"ReadAction\",\"target\":[\"https:\/\/profikomglass.sk\/hu\/\"]}]},{\"@type\":\"BreadcrumbList\",\"@id\":\"https:\/\/profikomglass.sk\/hu\/#breadcrumb\",\"itemListElement\":[{\"@type\":\"ListItem\",\"position\":1,\"name\":\"Domovsk\u00e1 str\u00e1nka\",\"item\":\"https:\/\/profikomglass.sk\/hu\/fooldal\/\"},{\"@type\":\"ListItem\",\"position\":2,\"name\":\"F\u0151oldal\"}]},{\"@type\":\"WebSite\",\"@id\":\"https:\/\/profikomglass.sk\/hu\/#website\",\"url\":\"https:\/\/profikomglass.sk\/hu\/\",\"name\":\"ProfiKom-Glass s.r.o. | Okn\u00e1, dvere, pergoly, letn\u00e9 terasy\",\"description\":\"\",\"potentialAction\":[{\"@type\":\"SearchAction\",\"target\":{\"@type\":\"EntryPoint\",\"urlTemplate\":\"https:\/\/profikomglass.sk\/hu\/?s={search_term_string}\"},\"query-input\":\"required name=search_term_string\"}],\"inLanguage\":\"hu\"}]}<\/script>\n<!-- \/ Yoast SEO plugin. -->","yoast_head_json":{"title":"F\u0151oldal - ProfiKom-Glass s.r.o. | Okn\u00e1, dvere, pergoly, letn\u00e9 terasy","description":"Ablakok, ajt\u00f3k \u00e9s gar\u00e1zsajt\u00f3k beszerel\u00e9se, szerv\u00edzel\u00e9se | Teljes \u00e9ves vagy szezon\u00e1lis t\u00e9likertek, pergol\u00e1k |Erk\u00e9lyek, teraszok \u00e9s loggi\u00e1k","robots":{"index":"index","follow":"follow","max-snippet":"max-snippet:-1","max-image-preview":"max-image-preview:large","max-video-preview":"max-video-preview:-1"},"canonical":"https:\/\/profikomglass.sk\/hu\/","og_locale":"hu_HU","og_type":"article","og_title":"F\u0151oldal - ProfiKom-Glass s.r.o. | Okn\u00e1, dvere, pergoly, letn\u00e9 terasy","og_description":"Ablakok, ajt\u00f3k \u00e9s gar\u00e1zsajt\u00f3k beszerel\u00e9se, szerv\u00edzel\u00e9se | Teljes \u00e9ves vagy szezon\u00e1lis t\u00e9likertek, pergol\u00e1k |Erk\u00e9lyek, teraszok \u00e9s loggi\u00e1k","og_url":"https:\/\/profikomglass.sk\/hu\/","og_site_name":"ProfiKom-Glass s.r.o. | Okn\u00e1, dvere, pergoly, letn\u00e9 terasy","article_modified_time":"2021-04-13T11:34:27+00:00","twitter_card":"summary_large_image","twitter_misc":{"Becs\u00fclt olvas\u00e1si id\u0151":"6 perc"},"schema":{"@context":"https:\/\/schema.org","@graph":[{"@type":"WebPage","@id":"https:\/\/profikomglass.sk\/hu\/","url":"https:\/\/profikomglass.sk\/hu\/","name":"F\u0151oldal - ProfiKom-Glass s.r.o. | Okn\u00e1, dvere, pergoly, letn\u00e9 terasy","isPartOf":{"@id":"https:\/\/profikomglass.sk\/hu\/#website"},"datePublished":"2021-03-21T18:56:19+00:00","dateModified":"2021-04-13T11:34:27+00:00","description":"Ablakok, ajt\u00f3k \u00e9s gar\u00e1zsajt\u00f3k beszerel\u00e9se, szerv\u00edzel\u00e9se | Teljes \u00e9ves vagy szezon\u00e1lis t\u00e9likertek, pergol\u00e1k |Erk\u00e9lyek, teraszok \u00e9s loggi\u00e1k","breadcrumb":{"@id":"https:\/\/profikomglass.sk\/hu\/#breadcrumb"},"inLanguage":"hu","potentialAction":[{"@type":"ReadAction","target":["https:\/\/profikomglass.sk\/hu\/"]}]},{"@type":"BreadcrumbList","@id":"https:\/\/profikomglass.sk\/hu\/#breadcrumb","itemListElement":[{"@type":"ListItem","position":1,"name":"Domovsk\u00e1 str\u00e1nka","item":"https:\/\/profikomglass.sk\/hu\/fooldal\/"},{"@type":"ListItem","position":2,"name":"F\u0151oldal"}]},{"@type":"WebSite","@id":"https:\/\/profikomglass.sk\/hu\/#website","url":"https:\/\/profikomglass.sk\/hu\/","name":"ProfiKom-Glass s.r.o. | Okn\u00e1, dvere, pergoly, letn\u00e9 terasy","description":"","potentialAction":[{"@type":"SearchAction","target":{"@type":"EntryPoint","urlTemplate":"https:\/\/profikomglass.sk\/hu\/?s={search_term_string}"},"query-input":"required name=search_term_string"}],"inLanguage":"hu"}]}},"_links":{"self":[{"href":"https:\/\/profikomglass.sk\/hu\/wp-json\/wp\/v2\/pages\/546"}],"collection":[{"href":"https:\/\/profikomglass.sk\/hu\/wp-json\/wp\/v2\/pages"}],"about":[{"href":"https:\/\/profikomglass.sk\/hu\/wp-json\/wp\/v2\/types\/page"}],"author":[{"embeddable":true,"href":"https:\/\/profikomglass.sk\/hu\/wp-json\/wp\/v2\/users\/1"}],"replies":[{"embeddable":true,"href":"https:\/\/profikomglass.sk\/hu\/wp-json\/wp\/v2\/comments?post=546"}],"version-history":[{"count":16,"href":"https:\/\/profikomglass.sk\/hu\/wp-json\/wp\/v2\/pages\/546\/revisions"}],"predecessor-version":[{"id":896,"href":"https:\/\/profikomglass.sk\/hu\/wp-json\/wp\/v2\/pages\/546\/revisions\/896"}],"wp:attachment":[{"href":"https:\/\/profikomglass.sk\/hu\/wp-json\/wp\/v2\/media?parent=546"}],"curies":[{"name":"wp","href":"https:\/\/api.w.org\/{rel}","templated":true}]}}